{"id":610,"date":"2022-05-02T12:54:00","date_gmt":"2022-05-02T10:54:00","guid":{"rendered":"https:\/\/fw-buchholz.de\/?post_type=einsatz&#038;p=610"},"modified":"2022-05-06T09:18:01","modified_gmt":"2022-05-06T07:18:01","slug":"b1-feuer-hecke","status":"publish","type":"einsatz","link":"https:\/\/fw-buchholz.de\/index.php\/einsatz\/b1-feuer-hecke\/","title":{"rendered":"B1 Feuer Hecke"},"content":{"rendered":"<p>Am Montagmittag wurden die Ortsfeuerwehren Buchholz und Luhden nach Hee\u00dfen zu einem Heckenbrand alarmiert. Bei Dachdeckerarbeiten auf einer Gartenh\u00fctte hatte sich die angrenzende Hecke entz\u00fcndet und auch die H\u00fctte selbst war durch den Brand betroffen. Mit je einem Schnellangriff von beiden Seiten wurden Hecke und Dach gel\u00f6scht und im Anschluss mit der W\u00e4rmebildkamera kontrolliert. Nach einer halben Stunde war der Einsatz beendet und wir konnten wieder einr\u00fccken.<\/p>\n<p>Fotos: Feuerwehr Luhden<\/p>\n<p><img loading=\"lazy\" decoding=\"async\" class=\"alignnone wp-image-613\" src=\"https:\/\/fw-buchholz.de\/wp-content\/uploads\/2022\/05\/12_02-05-22-I-225x300.jpg\" alt=\"\" width=\"515\" height=\"687\" srcset=\"https:\/\/fw-buchholz.de\/wp-content\/uploads\/2022\/05\/12_02-05-22-I-225x300.jpg 225w, https:\/\/fw-buchholz.de\/wp-content\/uploads\/2022\/05\/12_02-05-22-I.jpg 720w\" sizes=\"auto, (max-width: 515px) 100vw, 515px\" \/><\/p>\n","protected":false},"author":2,"featured_media":612,"template":"","meta":{"einsatz_weight":1,"footnotes":""},"categories":[],"tags":[],"einsatzart":[10],"fahrzeug":[4],"exteinsatzmittel":[],"alarmierungsart":[12],"evw_unit":[],"class_list":["post-610","einsatz","type-einsatz","status-publish","has-post-thumbnail","hentry","einsatzart-brand","fahrzeug-tsfw-buchholz","alarmierungsart-dme"],"_links":{"self":[{"href":"https:\/\/fw-buchholz.de\/index.php\/wp-json\/wp\/v2\/einsatz\/610","targetHints":{"allow":["GET"]}}],"collection":[{"href":"https:\/\/fw-buchholz.de\/index.php\/wp-json\/wp\/v2\/einsatz"}],"about":[{"href":"https:\/\/fw-buchholz.de\/index.php\/wp-json\/wp\/v2\/types\/einsatz"}],"author":[{"embeddable":true,"href":"https:\/\/fw-buchholz.de\/index.php\/wp-json\/wp\/v2\/users\/2"}],"version-history":[{"count":4,"href":"https:\/\/fw-buchholz.de\/index.php\/wp-json\/wp\/v2\/einsatz\/610\/revisions"}],"predecessor-version":[{"id":616,"href":"https:\/\/fw-buchholz.de\/index.php\/wp-json\/wp\/v2\/einsatz\/610\/revisions\/616"}],"wp:featuredmedia":[{"embeddable":true,"href":"https:\/\/fw-buchholz.de\/index.php\/wp-json\/wp\/v2\/media\/612"}],"wp:attachment":[{"href":"https:\/\/fw-buchholz.de\/index.php\/wp-json\/wp\/v2\/media?parent=610"}],"wp:term":[{"taxonomy":"category","embeddable":true,"href":"https:\/\/fw-buchholz.de\/index.php\/wp-json\/wp\/v2\/categories?post=610"},{"taxonomy":"post_tag","embeddable":true,"href":"https:\/\/fw-buchholz.de\/index.php\/wp-json\/wp\/v2\/tags?post=610"},{"taxonomy":"einsatzart","embeddable":true,"href":"https:\/\/fw-buchholz.de\/index.php\/wp-json\/wp\/v2\/einsatzart?post=610"},{"taxonomy":"fahrzeug","embeddable":true,"href":"https:\/\/fw-buchholz.de\/index.php\/wp-json\/wp\/v2\/fahrzeug?post=610"},{"taxonomy":"exteinsatzmittel","embeddable":true,"href":"https:\/\/fw-buchholz.de\/index.php\/wp-json\/wp\/v2\/exteinsatzmittel?post=610"},{"taxonomy":"alarmierungsart","embeddable":true,"href":"https:\/\/fw-buchholz.de\/index.php\/wp-json\/wp\/v2\/alarmierungsart?post=610"},{"taxonomy":"evw_unit","embeddable":true,"href":"https:\/\/fw-buchholz.de\/index.php\/wp-json\/wp\/v2\/evw_unit?post=610"}],"curies":[{"name":"wp","href":"https:\/\/api.w.org\/{rel}","templated":true}]}}