{"id":240,"date":"2019-09-06T16:38:00","date_gmt":"2019-09-06T15:38:00","guid":{"rendered":"https:\/\/fw-buchholz.de\/?post_type=einsatz&#038;p=240"},"modified":"2019-10-14T10:09:28","modified_gmt":"2019-10-14T09:09:28","slug":"kfb-sued-einsatzuebung","status":"publish","type":"einsatz","link":"https:\/\/fw-buchholz.de\/index.php\/einsatz\/kfb-sued-einsatzuebung\/","title":{"rendered":"KFB S\u00fcd Einsatz\u00fcbung"},"content":{"rendered":"<p>Am gestrigen Freitag wurden wir zur der geplanten \u00dcbung der KFB S\u00fcd alarmiert. In Rinteln am Sammelplatz trafen alle 4 Z\u00fcge der Kreisbereitschaft ein und es wurde im geschlossenen Verband in das \u00dcbungsgebiet nach Wendthagen verlegt.<\/p>\n<p>Dort sollte es zu einem Waldbrand am B\u00fcckeberg gekommen sein. Unsere Aufgabe war es, die Tankstelle f\u00fcr die Tankl\u00f6schfahrzeuge zu betreiben und diese mit L\u00f6schwasser zu versorgen. Diese haben dann das Wasser zur Einsatzstelle transportiert und an die Einheiten zur Brandbek\u00e4mpfung abgegeben.<\/p>\n","protected":false},"author":2,"featured_media":241,"template":"","meta":{"einsatz_weight":1,"footnotes":""},"categories":[],"tags":[],"einsatzart":[15],"fahrzeug":[4],"exteinsatzmittel":[],"alarmierungsart":[12],"evw_unit":[],"class_list":["post-240","einsatz","type-einsatz","status-publish","has-post-thumbnail","hentry","einsatzart-alarmuebung","fahrzeug-tsfw-buchholz","alarmierungsart-dme"],"_links":{"self":[{"href":"https:\/\/fw-buchholz.de\/index.php\/wp-json\/wp\/v2\/einsatz\/240","targetHints":{"allow":["GET"]}}],"collection":[{"href":"https:\/\/fw-buchholz.de\/index.php\/wp-json\/wp\/v2\/einsatz"}],"about":[{"href":"https:\/\/fw-buchholz.de\/index.php\/wp-json\/wp\/v2\/types\/einsatz"}],"author":[{"embeddable":true,"href":"https:\/\/fw-buchholz.de\/index.php\/wp-json\/wp\/v2\/users\/2"}],"version-history":[{"count":1,"href":"https:\/\/fw-buchholz.de\/index.php\/wp-json\/wp\/v2\/einsatz\/240\/revisions"}],"predecessor-version":[{"id":242,"href":"https:\/\/fw-buchholz.de\/index.php\/wp-json\/wp\/v2\/einsatz\/240\/revisions\/242"}],"wp:featuredmedia":[{"embeddable":true,"href":"https:\/\/fw-buchholz.de\/index.php\/wp-json\/wp\/v2\/media\/241"}],"wp:attachment":[{"href":"https:\/\/fw-buchholz.de\/index.php\/wp-json\/wp\/v2\/media?parent=240"}],"wp:term":[{"taxonomy":"category","embeddable":true,"href":"https:\/\/fw-buchholz.de\/index.php\/wp-json\/wp\/v2\/categories?post=240"},{"taxonomy":"post_tag","embeddable":true,"href":"https:\/\/fw-buchholz.de\/index.php\/wp-json\/wp\/v2\/tags?post=240"},{"taxonomy":"einsatzart","embeddable":true,"href":"https:\/\/fw-buchholz.de\/index.php\/wp-json\/wp\/v2\/einsatzart?post=240"},{"taxonomy":"fahrzeug","embeddable":true,"href":"https:\/\/fw-buchholz.de\/index.php\/wp-json\/wp\/v2\/fahrzeug?post=240"},{"taxonomy":"exteinsatzmittel","embeddable":true,"href":"https:\/\/fw-buchholz.de\/index.php\/wp-json\/wp\/v2\/exteinsatzmittel?post=240"},{"taxonomy":"alarmierungsart","embeddable":true,"href":"https:\/\/fw-buchholz.de\/index.php\/wp-json\/wp\/v2\/alarmierungsart?post=240"},{"taxonomy":"evw_unit","embeddable":true,"href":"https:\/\/fw-buchholz.de\/index.php\/wp-json\/wp\/v2\/evw_unit?post=240"}],"curies":[{"name":"wp","href":"https:\/\/api.w.org\/{rel}","templated":true}]}}