{"id":1098,"date":"2024-10-26T08:25:00","date_gmt":"2024-10-26T06:25:00","guid":{"rendered":"https:\/\/fw-buchholz.de\/?post_type=einsatz&#038;p=1098"},"modified":"2024-10-29T16:13:11","modified_gmt":"2024-10-29T14:13:11","slug":"uebung-kfb-schaumburg-sued","status":"publish","type":"einsatz","link":"https:\/\/fw-buchholz.de\/index.php\/einsatz\/uebung-kfb-schaumburg-sued\/","title":{"rendered":"\u00dcbung KFB Schaumburg-S\u00fcd"},"content":{"rendered":"<p>Die Kreisfeuerwehrbereitschaft S\u00fcd (KFB) hat sich am Samstag gegen 10.00\u00a0 Uhr in Stadthagen zu einer \u00dcbung getroffen.<\/p>\n<p><span id=\"more-45466\"><\/span>Die \u00dcbungslage stellte sich f\u00fcr die Einheiten wie folgt dar: Die Berufsbildende Schule Stadthagen ist w\u00e4hrend eines Unwetters mit Starkregen von einer Windhose erfasst und teilweise stark besch\u00e4digt worden. Es befinden sich noch Sch\u00fcler in dem Geb\u00e4ude und den dazugeh\u00f6rigen Werkst\u00e4tten.<\/p>\n<p>Die Elektroverteilung wurde besch\u00e4digt, mehrere Kleinbr\u00e4nde sind dadurch entstanden. Unter Geb\u00e4udeteilen sind Personen eingeklemmt, durch Feuer eingeschlossen oder irren hilflos durch das Geb\u00e4ude. In unmittelbarer N\u00e4he befindet sich ein Silo mit Hackschnitzel f\u00fcr die Heizung des Geb\u00e4udes, das durch eine Brandausbreitung stark gef\u00e4hrdet ist.<\/p>\n<p>Das Hydrantensystem auf dem Gel\u00e4nde ist aufgrund eines Rohrbruchs vor\u00fcbergehend ausgefallen. Eine eigene Wasserversorgung steht auf dem Gel\u00e4nde daher nicht zur Verf\u00fcgung und muss \u00fcber gr\u00f6\u00dfere Entfernung zugef\u00fchrt werden.<\/p>\n<p>Der 1. Zug hat mittels Steckleiter mehrere Personen aus dem Obergeschoss gerettet. Am Eingang zum Werkstattgeb\u00e4ude gab es eine defekte und brennende Gasleitung. Hier wurde der 1. Zug ebenfalls t\u00e4tig. Der 2. Zug ging zur Menschenrettung und Brandbek\u00e4mpfung im Werkstattgeb\u00e4ude vor. Mehrere Personen mussten gerettet werden uns Entstehungsbr\u00e4nde gel\u00f6scht werden. Der 3. und der 4. Zug hat die Wasserversorgung aus dem umliegenden Bereich aufgebaut. Dabei musste unter anderem eine Wasserversorgung von etwa 2,3 Kilometern L\u00e4nge verlegt werden.<\/p>\n<p>Der Fernmeldezug stellte die Kommunikation an der Einsatzstelle sicher. Zus\u00e4tzlich verschaffte die Drohne einen \u00dcberblick aus der Vogelperspektive.<\/p>\n<p>Die K\u00fcchen- und Logistikeinheit bereitete Burger, auch in vegetarischer Variante, f\u00fcr die Einsatzkr\u00e4fte und geladenen G\u00e4ste zu. Im Anschluss an die \u00dcbung wurden diese in der Aula bereitgestellt.<\/p>\n<p>Besonderer Dank galt Stephan Konczak, dem stellvertretenden Zugf\u00fchrer des 2. Zuges der KFB S\u00fcd und Ortsbrandmeister Krainhagen, der die \u00dcbung mit ausgearbeitet hat.<\/p>\n<p>Bereitschaftsf\u00fchrer Marcus Bahr zeigte sich mit dem Verlauf der \u00dcbung sehr zufrieden. \u201eIn einer Nachbesprechung werden wir noch einmal Einzelheiten besprechen. Leider gab es einen realen Atemschutznotfall. An dieser Stelle \u00fcbersenden wir auch die besten Genesungsw\u00fcnsche an den Kameraden.\u201c<\/p>\n<p><img loading=\"lazy\" decoding=\"async\" class=\"alignnone  wp-image-1101\" src=\"https:\/\/fw-buchholz.de\/wp-content\/uploads\/2024\/10\/42_26-10-24-III-300x198.jpg\" alt=\"\" width=\"498\" height=\"329\" srcset=\"https:\/\/fw-buchholz.de\/wp-content\/uploads\/2024\/10\/42_26-10-24-III-300x198.jpg 300w, https:\/\/fw-buchholz.de\/wp-content\/uploads\/2024\/10\/42_26-10-24-III-1024x675.jpg 1024w, https:\/\/fw-buchholz.de\/wp-content\/uploads\/2024\/10\/42_26-10-24-III-768x506.jpg 768w, https:\/\/fw-buchholz.de\/wp-content\/uploads\/2024\/10\/42_26-10-24-III.jpg 1200w\" sizes=\"auto, (max-width: 498px) 100vw, 498px\" \/> <img loading=\"lazy\" decoding=\"async\" class=\"alignnone  wp-image-1100\" src=\"https:\/\/fw-buchholz.de\/wp-content\/uploads\/2024\/10\/42_26-10-24-II-300x206.jpg\" alt=\"\" width=\"498\" height=\"342\" srcset=\"https:\/\/fw-buchholz.de\/wp-content\/uploads\/2024\/10\/42_26-10-24-II-300x206.jpg 300w, https:\/\/fw-buchholz.de\/wp-content\/uploads\/2024\/10\/42_26-10-24-II-1024x702.jpg 1024w, https:\/\/fw-buchholz.de\/wp-content\/uploads\/2024\/10\/42_26-10-24-II-768x527.jpg 768w, https:\/\/fw-buchholz.de\/wp-content\/uploads\/2024\/10\/42_26-10-24-II.jpg 1200w\" sizes=\"auto, (max-width: 498px) 100vw, 498px\" \/> <img loading=\"lazy\" decoding=\"async\" class=\"alignnone  wp-image-1102\" src=\"https:\/\/fw-buchholz.de\/wp-content\/uploads\/2024\/10\/42_26-10-24-IV-300x180.jpg\" alt=\"\" width=\"500\" height=\"300\" srcset=\"https:\/\/fw-buchholz.de\/wp-content\/uploads\/2024\/10\/42_26-10-24-IV-300x180.jpg 300w, https:\/\/fw-buchholz.de\/wp-content\/uploads\/2024\/10\/42_26-10-24-IV-1024x615.jpg 1024w, https:\/\/fw-buchholz.de\/wp-content\/uploads\/2024\/10\/42_26-10-24-IV-768x461.jpg 768w, https:\/\/fw-buchholz.de\/wp-content\/uploads\/2024\/10\/42_26-10-24-IV.jpg 1200w\" sizes=\"auto, (max-width: 500px) 100vw, 500px\" \/><\/p>\n<p>&nbsp;<\/p>\n","protected":false},"author":2,"featured_media":1099,"template":"","meta":{"einsatz_weight":1,"footnotes":""},"categories":[],"tags":[],"einsatzart":[15],"fahrzeug":[4],"exteinsatzmittel":[],"alarmierungsart":[16],"evw_unit":[],"class_list":["post-1098","einsatz","type-einsatz","status-publish","has-post-thumbnail","hentry","einsatzart-alarmuebung","fahrzeug-tsfw-buchholz","alarmierungsart-ohne"],"_links":{"self":[{"href":"https:\/\/fw-buchholz.de\/index.php\/wp-json\/wp\/v2\/einsatz\/1098","targetHints":{"allow":["GET"]}}],"collection":[{"href":"https:\/\/fw-buchholz.de\/index.php\/wp-json\/wp\/v2\/einsatz"}],"about":[{"href":"https:\/\/fw-buchholz.de\/index.php\/wp-json\/wp\/v2\/types\/einsatz"}],"author":[{"embeddable":true,"href":"https:\/\/fw-buchholz.de\/index.php\/wp-json\/wp\/v2\/users\/2"}],"version-history":[{"count":1,"href":"https:\/\/fw-buchholz.de\/index.php\/wp-json\/wp\/v2\/einsatz\/1098\/revisions"}],"predecessor-version":[{"id":1103,"href":"https:\/\/fw-buchholz.de\/index.php\/wp-json\/wp\/v2\/einsatz\/1098\/revisions\/1103"}],"wp:featuredmedia":[{"embeddable":true,"href":"https:\/\/fw-buchholz.de\/index.php\/wp-json\/wp\/v2\/media\/1099"}],"wp:attachment":[{"href":"https:\/\/fw-buchholz.de\/index.php\/wp-json\/wp\/v2\/media?parent=1098"}],"wp:term":[{"taxonomy":"category","embeddable":true,"href":"https:\/\/fw-buchholz.de\/index.php\/wp-json\/wp\/v2\/categories?post=1098"},{"taxonomy":"post_tag","embeddable":true,"href":"https:\/\/fw-buchholz.de\/index.php\/wp-json\/wp\/v2\/tags?post=1098"},{"taxonomy":"einsatzart","embeddable":true,"href":"https:\/\/fw-buchholz.de\/index.php\/wp-json\/wp\/v2\/einsatzart?post=1098"},{"taxonomy":"fahrzeug","embeddable":true,"href":"https:\/\/fw-buchholz.de\/index.php\/wp-json\/wp\/v2\/fahrzeug?post=1098"},{"taxonomy":"exteinsatzmittel","embeddable":true,"href":"https:\/\/fw-buchholz.de\/index.php\/wp-json\/wp\/v2\/exteinsatzmittel?post=1098"},{"taxonomy":"alarmierungsart","embeddable":true,"href":"https:\/\/fw-buchholz.de\/index.php\/wp-json\/wp\/v2\/alarmierungsart?post=1098"},{"taxonomy":"evw_unit","embeddable":true,"href":"https:\/\/fw-buchholz.de\/index.php\/wp-json\/wp\/v2\/evw_unit?post=1098"}],"curies":[{"name":"wp","href":"https:\/\/api.w.org\/{rel}","templated":true}]}}